{"id":50,"date":"2010-07-28T15:56:29","date_gmt":"2010-07-28T15:56:29","guid":{"rendered":"http:\/\/www.eintracht-fahrenbach.de\/eintracht\/?page_id=50"},"modified":"2012-03-10T18:09:12","modified_gmt":"2012-03-10T18:09:12","slug":"links","status":"publish","type":"page","link":"https:\/\/www.eintracht-fahrenbach.de\/?page_id=50","title":{"rendered":"Links"},"content":{"rendered":"<p><strong>Heimatgemeinde<\/strong><\/p>\n<table border=\"0\">\n<tbody>\n<tr>\n<td style=\"border: 1px solid #ffffff; width: 120px;\" align=\"center\" valign=\"middle\"><img loading=\"lazy\" decoding=\"async\" class=\"alignnone size-full wp-image-602\" title=\"fuerth\" src=\"https:\/\/www.eintracht-fahrenbach.de\/eintracht\/wp-content\/uploads\/fuerth.png\" alt=\"\" width=\"62\" height=\"66\" \/><\/td>\n<td style=\"border: 1px solid #ffffff;\"><a title=\"Gemeinde F\u00fcrth\" href=\"http:\/\/www.gemeinde-fuerth.de\" target=\"_blank\">Gemeinde F\u00fcrth<\/a><\/td>\n<\/tr>\n<\/tbody>\n<\/table>\n<p><strong>Ortsans\u00e4ssige Vereine<\/strong><\/p>\n<table border=\"0\">\n<tbody>\n<tr align=\"center\" valign=\"middle\">\n<td style=\"border: 1px solid #ffffff; width: 120px;\" align=\"center\" valign=\"middle\"><img loading=\"lazy\" decoding=\"async\" class=\"alignnone size-full wp-image-379\" title=\"sv\" src=\"https:\/\/www.eintracht-fahrenbach.de\/eintracht\/wp-content\/uploads\/sv.png\" alt=\"\" width=\"45\" height=\"63\" \/><\/td>\n<td style=\"border: 1px solid #ffffff;\" align=\"left\" valign=\"middle\"><span style=\"color: #0000ff;\"><span style=\"color: #0000ff;\"> <\/span><\/span><a title=\"SV 1952 Fahrenbach\" href=\"http:\/\/www.sv-fahrenbach.de\" target=\"_blank\">SV 1952 Fahrenbach<\/a><\/td>\n<\/tr>\n<tr align=\"left\" valign=\"middle\">\n<td style=\"border: 1px solid #ffffff; width: 120px;\" align=\"center\" valign=\"middle\"><img loading=\"lazy\" decoding=\"async\" class=\"alignnone size-full wp-image-593\" title=\"ski\" src=\"https:\/\/www.eintracht-fahrenbach.de\/eintracht\/wp-content\/uploads\/ski.png\" alt=\"\" width=\"53\" height=\"66\" \/><\/td>\n<td style=\"border: 1px solid #ffffff;\"><a title=\"Ski-Club-Fahrenbach\" href=\"http:\/\/www.ski-club-fahrenbach.de\" target=\"_blank\">Ski-Club-Fahrenbach<\/a><\/td>\n<\/tr>\n<\/tbody>\n<\/table>\n<p><strong>Gesangvereine<\/strong><\/p>\n<table style=\"border-color: #ffffff; border-width: 0px; width: 637px; height: 297px;\" border=\"0\">\n<tbody>\n<tr>\n<td style=\"border: 1px solid #ffffff; width: 120px;\"><\/td>\n<td style=\"border: 1px solid #ffffff;\"><span style=\"font-size: medium;\"><span style=\"color: #000000;\"><a title=\"Gesangverein &quot;Frohsinn&quot; 1949 L\u00f6rzenbach\" href=\"http:\/\/www.frohsinn-loerzenbach.de\" target=\"_blank\">GV &#8222;Frohsinn&#8220; 1949 L\u00f6rzenbach<\/a><br \/>\n<\/span><\/span><\/td>\n<\/tr>\n<tr>\n<td style=\"border: 1px solid #ffffff;\"><\/td>\n<td style=\"border: 1px solid #ffffff;\"><span style=\"font-size: medium;\"><span style=\"color: #000000;\"><a title=\"M\u00e4nnergesangverein &quot;Harmonie&quot; 1882 Aschbach\" href=\"http:\/\/www.mgv-aschbach.de\" target=\"_blank\">MGV &#8222;Harmonie&#8220; 1882 Aschbach<\/a><br \/>\n<\/span><\/span><\/td>\n<\/tr>\n<tr>\n<td style=\"border: 1px solid #ffffff;\"><\/td>\n<td style=\"border: 1px solid #ffffff;\"><span style=\"font-size: medium;\"><span style=\"color: #000000;\"><a title=\"MGV Birkenau\" href=\"http:\/\/www.mgv-birkenau.de\" target=\"_blank\">MGV &#8222;Eintracht&#8220; 1952 Birkenau<\/a><br \/>\n<\/span><\/span><\/td>\n<\/tr>\n<tr>\n<td style=\"border: 1px solid #ffffff;\"><\/td>\n<td style=\"border: 1px solid #ffffff;\"><span style=\"font-size: medium;\"><span style=\"color: #000000;\"><a title=\"MGV Konkordia 07 Dielheim e.V.\" href=\"http:\/\/www.mgv-konkordia-dielheim.de\" target=\"_blank\">MGV Konkordia 07 Dielheim<\/a><br \/>\n<\/span><\/span><\/td>\n<\/tr>\n<tr>\n<td style=\"border: 1px solid #ffffff;\"><\/td>\n<td style=\"border: 1px solid #ffffff;\"><span style=\"font-size: medium;\"><span style=\"color: #000000;\"><a title=\"Lyra Schriesheim\" href=\"http:\/\/www.lyra-schriesheim.de\" target=\"_blank\">MGV Lyra Schriesheim<\/a><br \/>\n<\/span><\/span><\/td>\n<\/tr>\n<tr>\n<td style=\"border: 1px solid #ffffff;\"><\/td>\n<td style=\"border: 1px solid #ffffff;\"><span style=\"font-size: medium;\"><span style=\"color: #000000;\"> <\/span><\/span><a title=\"MGV S\u00e4ngervereinigung Germania Weinheim\" href=\"http:\/\/www.saengervereinigung-germania.de\" target=\"_blank\">MGV S\u00e4ngervereinigung Germania Weinheim<\/a><\/td>\n<\/tr>\n<tr>\n<td style=\"border: 1px solid #ffffff;\"><\/td>\n<td style=\"border: 1px solid #ffffff;\"><span style=\"font-size: medium;\"><span style=\"color: #000000;\"> <\/span><\/span><a title=\"MGV 1876 Weiher\" href=\"http:\/\/www.mgv-weiher.de\" target=\"_blank\">MGV 1876 Weiher<\/a><\/td>\n<\/tr>\n<tr style=\"height: 12px;\">\n<td style=\"border: 1px solid #ffffff; height: 12px;\"><\/td>\n<td style=\"border: 1px solid #ffffff; height: 12px;\"><a title=\"MGV 1844 Reichelsheim\" href=\"http:\/\/www.mgv-1844-reichelsheim.de\" target=\"_blank\">MGV &#8222;Eintracht&#8220; 1844 Reichelsheim<\/a><\/td>\n<\/tr>\n<\/tbody>\n<\/table>\n<p><strong>Verb\u00e4nde<\/strong><\/p>\n<table style=\"border-color: #ffffff; border-width: 0px;\" border=\"0\">\n<tbody>\n<tr>\n<td style=\"border: 1px solid #ffffff; width: 120px;\" align=\"center\" valign=\"middle\"><img loading=\"lazy\" decoding=\"async\" class=\"alignnone size-full wp-image-606\" title=\"S\u00e4ngerkreis Weschnitztal-\u00dcberwald\" src=\"https:\/\/www.eintracht-fahrenbach.de\/eintracht\/wp-content\/uploads\/logo_Saenger_Kr_kl.png\" alt=\"\" width=\"53\" height=\"72\" \/><\/td>\n<td style=\"border: 1px solid #ffffff;\">\n<div id=\"side-info-column\" class=\"inner-sidebar\"><a title=\"S\u00e4ngerkreis Weschnitztal-\u00dcberwald\" href=\"http:\/\/www.saengerkreis-weschnitztal-ueberwald.de\/\" target=\"_blank\">S\u00e4ngerkreis Weschnitztal-\u00dcberwald<\/a><\/div>\n<\/td>\n<\/tr>\n<tr>\n<td style=\"border: 1px solid #ffffff; width: 120px;\" align=\"center\" valign=\"middle\"><img loading=\"lazy\" decoding=\"async\" class=\"alignnone size-full wp-image-606\" title=\"hsb-logo\" src=\"https:\/\/www.eintracht-fahrenbach.de\/eintracht\/wp-content\/uploads\/hsb-logo.png\" alt=\"\" width=\"53\" height=\"72\" \/><\/td>\n<td style=\"border: 1px solid #ffffff;\">\n<div id=\"side-info-column\" class=\"inner-sidebar\"><a title=\"Hessischer S\u00e4ngerbund\" href=\"http:\/\/www.hessischer-saengerbund.de\" target=\"_blank\">Hessischer S\u00e4ngerbund<\/a><\/div>\n<\/td>\n<\/tr>\n<tr>\n<td style=\"border: 1px solid #ffffff; width: 120px;\" align=\"center\" valign=\"middle\"><img loading=\"lazy\" decoding=\"async\" class=\"alignnone size-full wp-image-607\" title=\"dcv_logo\" src=\"https:\/\/www.eintracht-fahrenbach.de\/eintracht\/wp-content\/uploads\/dcv_logo.png\" alt=\"\" width=\"115\" height=\"46\" \/><\/td>\n<td style=\"border: 1px solid #ffffff;\"><a title=\"Deutscher Chorverband\" href=\"http:\/\/deutscher-chorverband.de\" target=\"_blank\">Deutscher Chorverband<\/a><\/td>\n<\/tr>\n<\/tbody>\n<\/table>\n<p><strong>Sonstige<\/strong><\/p>\n<table style=\"border-color: #ffffff; border-width: 0px;\" border=\"0\">\n<tbody>\n<tr>\n<td style=\"border: 1px solid #ffffff; width: 120px;\"><\/td>\n<td style=\"border: 1px solid #ffffff;\"><a title=\"Die Vielharmoniker - a cappella music und mehr\" href=\"http:\/\/www.vielharmoniker.de\" target=\"_blank\">Vielharmoniker<\/a><\/td>\n<\/tr>\n<\/tbody>\n<\/table>\n","protected":false},"excerpt":{"rendered":"<p>Heimatgemeinde Gemeinde F\u00fcrth Ortsans\u00e4ssige Vereine SV 1952 Fahrenbach Ski-Club-Fahrenbach Gesangvereine GV &#8222;Frohsinn&#8220; 1949 L\u00f6rzenbach MGV &#8222;Harmonie&#8220; 1882 Aschbach MGV &#8222;Eintracht&#8220; 1952 Birkenau MGV Konkordia 07 Dielheim MGV Lyra Schriesheim MGV S\u00e4ngervereinigung Germania Weinheim MGV 1876 Weiher MGV &#8222;Eintracht&#8220; 1844 Reichelsheim Verb\u00e4nde S\u00e4ngerkreis Weschnitztal-\u00dcberwald Hessischer S\u00e4ngerbund Deutscher Chorverband Sonstige Vielharmoniker<\/p>\n","protected":false},"author":17,"featured_media":0,"parent":0,"menu_order":0,"comment_status":"closed","ping_status":"closed","template":"","meta":{"ngg_post_thumbnail":0,"footnotes":""},"class_list":["post-50","page","type-page","status-publish","hentry"],"_links":{"self":[{"href":"https:\/\/www.eintracht-fahrenbach.de\/index.php?rest_route=\/wp\/v2\/pages\/50","targetHints":{"allow":["GET"]}}],"collection":[{"href":"https:\/\/www.eintracht-fahrenbach.de\/index.php?rest_route=\/wp\/v2\/pages"}],"about":[{"href":"https:\/\/www.eintracht-fahrenbach.de\/index.php?rest_route=\/wp\/v2\/types\/page"}],"author":[{"embeddable":true,"href":"https:\/\/www.eintracht-fahrenbach.de\/index.php?rest_route=\/wp\/v2\/users\/17"}],"replies":[{"embeddable":true,"href":"https:\/\/www.eintracht-fahrenbach.de\/index.php?rest_route=%2Fwp%2Fv2%2Fcomments&post=50"}],"version-history":[{"count":54,"href":"https:\/\/www.eintracht-fahrenbach.de\/index.php?rest_route=\/wp\/v2\/pages\/50\/revisions"}],"predecessor-version":[{"id":1388,"href":"https:\/\/www.eintracht-fahrenbach.de\/index.php?rest_route=\/wp\/v2\/pages\/50\/revisions\/1388"}],"wp:attachment":[{"href":"https:\/\/www.eintracht-fahrenbach.de\/index.php?rest_route=%2Fwp%2Fv2%2Fmedia&parent=50"}],"curies":[{"name":"wp","href":"https:\/\/api.w.org\/{rel}","templated":true}]}}